{"id":4228,"date":"2021-10-05T13:54:51","date_gmt":"2021-10-05T13:54:51","guid":{"rendered":"https:\/\/semfronteiras.eu\/?page_id=4228"},"modified":"2025-12-06T21:52:18","modified_gmt":"2025-12-06T21:52:18","slug":"quem-somos","status":"publish","type":"page","link":"https:\/\/nsf.pt\/index.php\/quem-somos\/","title":{"rendered":"Quem somos"},"content":{"rendered":"\n<h2 class=\"wp-block-heading\">COLETIVO SEM FRONTEIRAS <\/h2>\n\n\n\n<p><\/p>\n\n\n\n<p><strong>Desde junho de 2020 que procuramos coconstruir um conceito integrado de comunica\u00e7\u00e3o, adaptado  aos nossos tempos nos planos tecnol\u00f3gico num esfor\u00e7o de disponibiliza\u00e7\u00e3o aos leitores de uma informa\u00e7\u00e3o \u00fatil e relevante baseada num equil\u00edbrio s\u00f3lido e \u00e9tico entre opini\u00e3o, informa\u00e7\u00e3o e a\u00e7\u00e3o em favor da democracia e da transforma\u00e7\u00e3o social.<\/strong><\/p>\n\n\n\n<p>A met\u00e1fora do SEM FRONTEIRAS surge neste contexto como fundamental porque estabelece o quadro de instala\u00e7\u00e3o e de progress\u00e3o da ideia-for\u00e7a agora consignada no NSF- Sem Fronteiras.<\/p>\n\n\n\n<p>Em que consiste este Espa\u00e7o de informa\u00e7\u00e3o, reflex\u00e3o, debate, investiga\u00e7\u00e3o-a\u00e7\u00e3o e a\u00e7\u00e3o?<\/p>\n\n\n\n<h2 class=\"wp-block-heading\">UM ESPA\u00c7O COLABORATIVO <\/h2>\n\n\n\n<p><\/p>\n\n\n\n<p>O objetivo \u00e9 fazer evoluir a experi\u00eancia dos \u00faltimos anos para algo ainda mais consistente e \u00fatil para a sociedade portuguesa tendo por base os ingredientes que constitu\u00edram o SEM FRONTEIRAS nos \u00faltimos tempos. Admitem-se novas abordagens que venham enriquecer o modelo que se encontra em constru\u00e7\u00e3o.<\/p>\n\n\n\n<h2 class=\"wp-block-heading\">ORGANIZA\u00c7\u00c3O DOS CONTE\u00daDOS<\/h2>\n\n\n\n<p>A inten\u00e7\u00e3o consiste em:<\/p>\n\n\n\n<p><\/p>\n\n\n\n<p>A &#8211; Manter a linha de produ\u00e7\u00e3o de conte\u00fados numa base colaborativa, ou seja, os artigos e as pe\u00e7as multim\u00e9dia serem colabora\u00e7\u00f5es volunt\u00e1rias, editadas e publicadas no Not\u00edcias Sem Fronteiras. Em alguns casos serem textos publicados noutros espa\u00e7os de comunica\u00e7\u00e3o cuja transposi\u00e7\u00e3o \u00e9 autorizada pelos autores;<\/p>\n\n\n\n<p>B &#8211; Continuar a funcionar principalmente na base de DOSSI\u00caS tem\u00e1ticos e de divulga\u00e7\u00f5es de Agenda. Consequentemente n\u00e3o colocar como central as quest\u00f5es imediatas da atualidade ou de informa\u00e7\u00e3o sobre acontecimentos. Esta \u00faltima dimens\u00e3o poder\u00e1, no entanto, melhorar atrav\u00e9s da rubrica de Opini\u00e3o com mais colunistas com presta\u00e7\u00e3o regular.<\/p>\n\n\n\n<p>A esta base que no essencial constituiu a estrat\u00e9gia editorial do NSF podemos associar duas outras vertentes:<\/p>\n\n\n\n<h2 class=\"wp-block-heading\">OUTRAS VERTENTES<\/h2>\n\n\n\n<p>C \u2013 O NSF ser um ESPA\u00c7O de Espa\u00e7os, criando \u00e1reas de publica\u00e7\u00e3o que sejam animadas por institui\u00e7\u00f5es ou correntes que pretendem dirigir-se ao grande p\u00fablico de forma complementar aos meios que j\u00e1 utilizam para divulgar as suas atividades e opini\u00f5es (principalmente as redes sociais):<\/p>\n\n\n\n<p>&#8211; M\u00daSICA &#8211; toda a divulga\u00e7\u00e3o que \u00e9 realizada por exemplo de Zeca Afonso, de Jos\u00e9 M\u00e1rio Branco, da M\u00fasica Popular Portuguesa em diversas facetas, do GAC a grupos atuais com uma abordagem musical e de interven\u00e7\u00e3o pol\u00edtica e social;<\/p>\n\n\n\n<p>&#8211; TEATRO \u2013 a atividade teatral, para al\u00e9m das quest\u00f5es de Agenda, tem uma divulga\u00e7\u00e3o dispersa das suas iniciativas que geralmente envolvem comunidades locais e incentivam movimentos culturais nos territ\u00f3rios;<\/p>\n\n\n\n<p>&#8211; PUBLICA\u00c7\u00d5ES a exist\u00eancia de um espa\u00e7o para divulgar publica\u00e7\u00f5es passadas assim como aquelas que ir\u00e3o surgindo, dando a conhecer lan\u00e7amentos e ideias-for\u00e7a dos livros e de outras publica\u00e7\u00f5es;<\/p>\n\n\n\n<p>&#8211; HIST\u00d3RIA E MEM\u00d3RIAS um espa\u00e7o de divulga\u00e7\u00e3o de iniciativas de informa\u00e7\u00e3o, de hist\u00f3rias e biografias que tenham a ver com as atividades de resist\u00eancia e de luta antifascista, de ex\u00edlio e de oposi\u00e7\u00e3o \u00e0s guerras, com destaque para a guerra colonial. &#8211; PARTICIPA\u00c7\u00c3O um espa\u00e7o de iniciativas cidad\u00e3s que constituam uma base informativa de uma democracia mais participativa e de iniciativas dos movimentos sociais.<\/p>\n\n\n\n<p>&#8211; MUNDO um espa\u00e7o para os espa\u00e7os informativos com inten\u00e7\u00f5es similares ou pr\u00f3ximas do SEM FRONTEIRAS (admitindo outras l\u00ednguas de publica\u00e7\u00e3o para al\u00e9m do portugu\u00eas).<\/p>\n\n\n\n<p>D \u2013 O NSF ser um espa\u00e7o de converg\u00eancia de oposi\u00e7\u00e3o firme e combativa \u00e0 direita radical e \u00e0 extrema-direita portuguesa e global.<\/p>\n\n\n\n<p>E \u2013 O NSF ser a plataforma de auto-organiza\u00e7\u00e3o de pessoas e entidades no quadro do 50\u00ba anivers\u00e1rio do 25 de Abril.<\/p>\n\n\n\n<p><\/p>\n\n\n\n<p>geral@nsf.pt | TM 932216779<\/p>\n\n\n\n<p>27 de setembro 2021<\/p>\n\n\n\n<p><\/p>\n","protected":false},"excerpt":{"rendered":"<p>COLETIVO SEM FRONTEIRAS Desde junho de 2020 que procuramos coconstruir um conceito integrado de comunica\u00e7\u00e3o,&#8230;<\/p>\n","protected":false},"author":2,"featured_media":14522,"parent":0,"menu_order":0,"comment_status":"closed","ping_status":"closed","template":"","meta":{"sfsi_plus_gutenberg_text_before_share":"","sfsi_plus_gutenberg_show_text_before_share":"","sfsi_plus_gutenberg_icon_type":"","sfsi_plus_gutenberg_icon_alignemt":"","sfsi_plus_gutenburg_max_per_row":"","ngg_post_thumbnail":0,"footnotes":""},"_links":{"self":[{"href":"https:\/\/nsf.pt\/index.php\/wp-json\/wp\/v2\/pages\/4228"}],"collection":[{"href":"https:\/\/nsf.pt\/index.php\/wp-json\/wp\/v2\/pages"}],"about":[{"href":"https:\/\/nsf.pt\/index.php\/wp-json\/wp\/v2\/types\/page"}],"author":[{"embeddable":true,"href":"https:\/\/nsf.pt\/index.php\/wp-json\/wp\/v2\/users\/2"}],"replies":[{"embeddable":true,"href":"https:\/\/nsf.pt\/index.php\/wp-json\/wp\/v2\/comments?post=4228"}],"version-history":[{"count":6,"href":"https:\/\/nsf.pt\/index.php\/wp-json\/wp\/v2\/pages\/4228\/revisions"}],"predecessor-version":[{"id":15722,"href":"https:\/\/nsf.pt\/index.php\/wp-json\/wp\/v2\/pages\/4228\/revisions\/15722"}],"wp:featuredmedia":[{"embeddable":true,"href":"https:\/\/nsf.pt\/index.php\/wp-json\/wp\/v2\/media\/14522"}],"wp:attachment":[{"href":"https:\/\/nsf.pt\/index.php\/wp-json\/wp\/v2\/media?parent=4228"}],"curies":[{"name":"wp","href":"https:\/\/api.w.org\/{rel}","templated":true}]}}